{"id":192,"date":"2025-04-01T00:00:23","date_gmt":"2025-04-01T00:00:23","guid":{"rendered":"https:\/\/jthemes.net\/themes\/wp\/pergo\/demos\/?page_id=192"},"modified":"2025-06-19T13:21:21","modified_gmt":"2025-06-19T13:21:21","slug":"business-agency","status":"publish","type":"page","link":"https:\/\/fibergroup.com.tr\/","title":{"rendered":"04 &#8211; Business Agency"},"content":{"rendered":"<div class=\"wpb-content-wrapper\"><p>[vc_section enable_hero=&#8221;yes&#8221; hero_id=&#8221;hero-4&#8243;][vc_row][vc_column][pergo_hero_business_agency title=&#8221;Fiber Trade&#8221; lead_text=&#8221;Export &amp; Import&#8221; params=&#8221;%5B%7B%22button_text%22%3A%22Daha%20fazlas%C4%B1%22%2C%22button_url%22%3A%22%23content-7-title%22%2C%22button_target%22%3A%22_self%22%2C%22button_size%22%3A%22btn-md%22%7D%5D&#8221; title_highlight_text=&#8221;text_underline:none|text_color:coral-color|font_variant:normal|font_weight:normal|&#8221; lead_text_highlight_text=&#8221;text_underline:none|text_color:purple-color|&#8221; lead_text_font_container=&#8221;tag:p|size:md|text_color:lightblue-color|text_underline:none|extra_class:p-hero|&#8221;][\/vc_column][\/vc_row][\/vc_section][vc_section el_id=&#8221;about&#8221;][vc_row][vc_column][pergo_section_title title=&#8221;&#8221; subtitle=&#8221;Fiber Group, 2010 y\u0131l\u0131nda in\u015faat sekt\u00f6r\u00fc ile faaliyete ba\u015flad\u0131ktan sonra sa\u011fl\u0131k sekt\u00f6r\u00fc ve d\u0131\u015f ticaret konular\u0131ndaki yat\u0131r\u0131mlar\u0131na Ar-Ge projelerini de ekleyerek hizmet alan\u0131n\u0131 geni\u015fletmi\u015ftir.&#8221;][\/pergo_section_title][\/vc_column][\/vc_row][vc_row][vc_column width=&#8221;1\/3&#8243;][pergo_service_box icon=&#8221;flaticon-share-2&#8243; title=&#8221;Fiber D\u0131\u015f Ticaret&#8221; subtitle=&#8221;Fiber d\u0131\u015f ticaret, yerli \u00fcretici ile yurt d\u0131\u015f\u0131 al\u0131c\u0131lar\u0131 ayn\u0131 platforma bulu\u015fturarak \u00fclke ihracat\u0131na katk\u0131 sa\u011flamakt\u0131r.&#8221; css_animation=&#8221;fadeInUp&#8221; animation_delay=&#8221;300&#8243;][pergo_service_box icon=&#8221;flaticon-zoom-in&#8221; title=&#8221;Gayrimenkul De\u011ferleme&#8221; subtitle=&#8221;Fiber Emlak, arsa, i\u015fyeri, ticari bina, konut ve her t\u00fcrl\u00fc i\u015fletmeler i\u00e7in de\u011ferleme ve ekspertiz faaliyetlerini y\u00fcr\u00fctmektedir.&#8221; css_animation=&#8221;fadeInUp&#8221; animation_delay=&#8221;300&#8243;][\/vc_column][vc_column width=&#8221;1\/3&#8243;][pergo_service_box icon=&#8221;flaticon-house&#8221; title=&#8221;Fiber Yap\u0131&#8221; subtitle=&#8221;Fiber yap\u0131, kentsel d\u00f6n\u00fc\u015f\u00fcm projeleri ba\u015fta olmak \u00fczere nitelikli konut projeleri ve alt yap\u0131 in\u015faat faaliyetleri y\u00fcr\u00fctmektedir.&#8221; css_animation=&#8221;fadeInUp&#8221; animation_delay=&#8221;300&#8243;][pergo_service_box icon=&#8221;flaticon-user-7&#8243; title=&#8221;Fiber Dan\u0131\u015fmanl\u0131k&#8221; subtitle=&#8221;Fiber dan\u0131\u015fmanl\u0131k, uzmanl\u0131k alan\u0131 olan medikal malzeme, t\u0131bbi tesis y\u00f6netimi ve ruhsatland\u0131rma konular\u0131nda dan\u0131\u015fmanl\u0131k hizmeti&#8221; css_animation=&#8221;fadeInUp&#8221; animation_delay=&#8221;300&#8243;][\/vc_column][vc_column width=&#8221;1\/3&#8243;][pergo_service_box icon=&#8221;flaticon-like-2&#8243; title=&#8221;Fiber Sa\u011fl\u0131k&#8221; subtitle=&#8221;Fiber sa\u011fl\u0131k, yurt i\u00e7i ve yurt d\u0131\u015f\u0131 sa\u011fl\u0131k kurulu\u015flar\u0131 i\u00e7in medikal malzeme, sarf malzeme ve laboratuvar kit temini sa\u011flamaktad\u0131r.&#8221; css_animation=&#8221;fadeInUp&#8221; animation_delay=&#8221;300&#8243;][pergo_service_box icon=&#8221;flaticon-network&#8221; title=&#8221;Ar-Ge \u00c7al\u0131\u015fmalar\u0131&#8221; subtitle=&#8221;T\u0131p ve kimya sekt\u00f6r\u00fcnde kullan\u0131lmakta olan ham madde, ara ve nihai \u00fcr\u00fcnler konusunda Ar-Ge projeleri geli\u015ftirmekte&#8221; css_animation=&#8221;fadeInUp&#8221; animation_delay=&#8221;300&#8243;][\/vc_column][\/vc_row][\/vc_section][vc_section padding_class=&#8221;wide-0&#8243; el_id=&#8221;how-it-works&#8221;][vc_row][vc_column][vc_empty_space height=&#8221;20px&#8221;][pergo_section_title title=&#8221;Fiber D\u0131\u015f Ticaret &amp; International Trade&#8221; subtitle=&#8221;Fiber D\u0131\u015f Ticaret, T\u00fcrkiye&#8217;nin 2025 ihracat hedeflerini yakalamas\u0131 i\u00e7in \u00e7al\u0131\u015fmalar\u0131na h\u0131z vermektedir.&#8221;][\/pergo_section_title][\/vc_column][\/vc_row][vc_row][vc_column width=&#8221;1\/12&#8243;][\/vc_column][vc_column width=&#8221;10\/12&#8243;][vc_single_image css=&#8221;&#8221; custom_src=&#8221;https:\/\/fibergroup.com.tr\/wp-content\/uploads\/2025\/04\/fiber-logolar-1.pdf-800-x-400-mm-800-x-300-mm-800-x-200-mm-2-1-scaled.png&#8221;][\/vc_column][vc_column width=&#8221;1\/12&#8243;][\/vc_column][\/vc_row][\/vc_section][vc_section padding_class=&#8221;wide-0&#8243; bg_class=&#8221;bg-dark&#8221; el_id=&#8221;content-7-title&#8221;][vc_row][vc_column][pergo_what_we_do_best subtitle=&#8221;Fiber Group Kimdir&#8221; title=&#8221;Fiber \u0130n\u015faat Yat\u0131r\u0131m ve D\u0131\u015f Ticaret A.\u015e.&#8221; lead_text=&#8221;\u0130n\u015faat, d\u0131\u015f ticaret, sa\u011fl\u0131k sekt\u00f6r\u00fc ve Ar-Ge projeleri ile hizmet a\u011f\u0131n\u0131 geni\u015fleten Fiber Group, gelecekte enerji sekt\u00f6r\u00fcne de yat\u0131r\u0131m planlar\u0131 yapmaktad\u0131r.&#8221;]Yeni projeler \u00e7ok yak\u0131nda &#8230;[\/pergo_what_we_do_best][\/vc_column][\/vc_row][\/vc_section][vc_section padding_class=&#8221;wide-0&#8243; bg_class=&#8221;bg-tra&#8221; el_id=&#8221;content-7-boxes&#8221;][vc_row][vc_column width=&#8221;1\/3&#8243;][pergo_card_box align=&#8221;left&#8221; image=&#8221;https:\/\/fibergroup.com.tr\/wp-content\/uploads\/2018\/10\/image-20-1-1.jpg&#8221; title=&#8221;End\u00fcstriyel Malzemeler&#8221; css_animation=&#8221;fadeInUp&#8221; animation_delay=&#8221;800&#8243;]\u0130htiya\u00e7lar\u0131n\u0131z i\u00e7in y\u00fcksek kaliteli ve g\u00fcvenilir end\u00fcstriyel yap\u0131, mekanik ve tesisat malzemeleri tedari\u011fi, s\u0131hhi tesisat ve yang\u0131n g\u00fcvenli\u011fi \u00e7\u00f6z\u00fcmleri,[\/pergo_card_box][\/vc_column][vc_column width=&#8221;1\/3&#8243;][pergo_card_box align=&#8221;left&#8221; image=&#8221;https:\/\/jthemes.net\/themes\/wp\/pergo\/files\/images\/image-04.jpg&#8221; title=&#8221;Elektrik &amp; Elektronik&#8221; css_animation=&#8221;fadeInUp&#8221; animation_delay=&#8221;900&#8243;]Elektrik ve elektronik malzeme tedari\u011fi, \u00a0komponent ihracat\u0131ndaki uzmanl\u0131\u011f\u0131m\u0131z\u0131 siz de\u011ferli m\u00fc\u015fterilerimiz ile payla\u015f\u0131yoruz.[\/pergo_card_box][\/vc_column][vc_column width=&#8221;1\/3&#8243;][pergo_card_box align=&#8221;left&#8221; image=&#8221;https:\/\/jthemes.net\/themes\/wp\/pergo\/files\/images\/image-05.jpg&#8221; title=&#8221;Havaland\u0131rma Sistemleri&#8221; css_animation=&#8221;fadeInUp&#8221; animation_delay=&#8221;1000&#8243;]Her t\u00fcrl\u00fc mekanik projeler i\u00e7in \u00a0havaland\u0131rma, \u0131s\u0131tma ve so\u011futma sistemi malzeme tedari\u011fi, montaj ve bak\u0131m hizmetleri[\/pergo_card_box][\/vc_column][\/vc_row][\/vc_section][vc_section parallax=&#8221;content-moving&#8221; parallax_image=&#8221;https:\/\/jthemes.net\/themes\/wp\/pergo\/files\/images\/statistic.jpg&#8221; padding_class=&#8221;wide-70&#8243; bg_class=&#8221;bg-dark&#8221; parallax_image_repeat=&#8221;&#8221; parallax_image_position=&#8221;50% 0&#8243; parallax_image_attachment=&#8221;inherit&#8221;][vc_row][vc_column][pergo_section_title title=&#8221;D\u0131\u015f Ticarette \u00c7\u00f6z\u00fcm Orta\u011f\u0131&#8221; subtitle=&#8221;Fiber Trade, d\u0131\u015f ticarette \u00e7\u00f6z\u00fcm orta\u011f\u0131 ve T\u00fcrkiye&#8217;deki partneriniz olmaya devam ediyor&#8221;][\/pergo_section_title][\/vc_column][\/vc_row][\/vc_section][vc_section padding_class=&#8221;wide-80&#8243; el_id=&#8221;portfolio&#8221;][vc_row][vc_column][pergo_section_title title=&#8221;Projelerimiz &amp; Hizmetlerimiz&#8221; subtitle=&#8221;Hizmetlerimiz ve ger\u00e7ekle\u015ftirdi\u011fimiz projelerimiz&#8221; tag=&#8221;h2:h2-xs&#8221;][\/pergo_section_title][\/vc_column][\/vc_row][\/vc_section][vc_section bg_class=&#8221;bg-lightgrey&#8221; el_id=&#8221;clients&#8221;][vc_row][vc_column][pergo_section_title title=&#8221;\u00c7\u00f6z\u00fcm Ortaklar\u0131m\u0131z&#8221; subtitle=&#8221;T\u00fcrkiye&#8217;den temin etmek istedi\u011finiz \u00fcr\u00fcnler i\u00e7in \u00fcretici ile son kullan\u0131c\u0131 aras\u0131nda en uygun anla\u015fmalar\u0131n yap\u0131lmas\u0131n\u0131 ve ithalat\u0131n\u0131 ger\u00e7ekle\u015ftiriyoruz.&#8221;][\/pergo_section_title][pergo_our_clients params=&#8221;%5B%7B%22title%22%3A%22Brand%20image%22%2C%22image%22%3A%22https%3A%2F%2Ffibergroup.com.tr%2Fwp-content%2Fuploads%2F2025%2F04%2Ffiber-logolar-1.pdf-800-x-400-mm-800-x-300-mm-800-x-200-mm-2-scaled.png%22%7D%2C%7B%22title%22%3A%22Brand%20image%22%2C%22image%22%3A%22https%3A%2F%2Ffibergroup.com.tr%2Fwp-content%2Fuploads%2F2025%2F04%2Ffiber-logolar-1.pdf-800-x-400-mm-800-x-300-mm-800-x-200-mm-2-1-scaled.png%22%7D%2C%7B%22title%22%3A%22Brand%20image%22%2C%22image%22%3A%22https%3A%2F%2Ffibergroup.com.tr%2Fwp-content%2Fuploads%2F2025%2F04%2Ffiber-logolar-1.pdf-800-x-400-mm-800-x-300-mm-800-x-200-mm-2-1-scaled.png%22%7D%2C%7B%22title%22%3A%22Brand%20image%22%2C%22image%22%3A%22https%3A%2F%2Ffibergroup.com.tr%2Fwp-content%2Fuploads%2F2025%2F04%2Ffiber-logolar-1.pdf-800-x-400-mm-800-x-300-mm-800-x-200-mm-2-1-scaled.png%22%7D%2C%7B%22title%22%3A%22Brand%20image%22%2C%22image%22%3A%22https%3A%2F%2Ffibergroup.com.tr%2Fwp-content%2Fuploads%2F2025%2F04%2Ffiber-logolar-1.pdf-800-x-400-mm-800-x-300-mm-800-x-200-mm-2-1-scaled.png%22%7D%2C%7B%22title%22%3A%22Brand%20image%22%2C%22image%22%3A%22https%3A%2F%2Ffibergroup.com.tr%2Fwp-content%2Fuploads%2F2025%2F04%2Ffiber-logolar-1.pdf-800-x-400-mm-800-x-300-mm-800-x-200-mm-2-1-scaled.png%22%7D%2C%7B%22title%22%3A%22Brand%20image%22%2C%22image%22%3A%22https%3A%2F%2Ffibergroup.com.tr%2Fwp-content%2Fuploads%2F2025%2F04%2Ffiber-logolar-1.pdf-800-x-400-mm-800-x-300-mm-800-x-200-mm-2-1-scaled.png%22%7D%2C%7B%22title%22%3A%22Brand%20image%22%2C%22image%22%3A%22https%3A%2F%2Ffibergroup.com.tr%2Fwp-content%2Fuploads%2F2025%2F04%2Ffiber-logolar-1.pdf-800-x-400-mm-800-x-300-mm-800-x-200-mm-2-1-scaled.png%22%7D%5D&#8221;][\/vc_column][\/vc_row][\/vc_section][vc_section el_id=&#8221;blog&#8221;][vc_row][vc_column][pergo_section_title title=&#8221;\u0130leti\u015fim&#8221; subtitle=&#8221;Mimar Sinan Mahallesi Ceren Sokak No:12A \u00c7ekmek\u00f6y, \u0130stanbul\/T\u00fcrkiye<\/p>\n<p>Tel: +90 (216) 317 42 50 Mobile: +90 (533) 467 55 18&#8243; tag=&#8221;h2:h2-xs&#8221;][\/pergo_section_title][vc_gmaps link=&#8221;#E-8_JTNDaWZyYW1lJTIwc3JjJTNEJTIyaHR0cHMlM0ElMkYlMkZ3d3cuZ29vZ2xlLmNvbSUyRm1hcHMlMkZlbWJlZCUzRnBiJTNEJTIyJTIwd2lkdGglM0QlMjI2MDAlMjIlMjBoZWlnaHQlM0QlMjI0MDAlMjIlMjBmcmFtZWJvcmRlciUzRCUyMjAlMjIlMjBzdHlsZSUzRCUyMmJvcmRlciUzQTAlMjIlMjBhbGxvd2Z1bGxzY3JlZW4lM0UlM0MlMkZpZnJhbWUlM0U=&#8221; css=&#8221;&#8221;][\/vc_column][\/vc_row][\/vc_section]<\/p>\n<\/div>","protected":false},"excerpt":{"rendered":"<p>[vc_section enable_hero=&#8221;yes&#8221; hero_id=&#8221;hero-4&#8243;][vc_row][vc_column][pergo_hero_business_agency title=&#8221;Fiber Trade&#8221; lead_text=&#8221;Export &amp; Import&#8221; params=&#8221;%5B%7B%22button_text%22%3A%22Daha%20fazlas%C4%B1%22%2C%22button_url%22%3A%22%23content-7-title%22%2C%22button_target%22%3A%22_self%22%2C%22button_size%22%3A%22btn-md%22%7D%5D&#8221; title_highlight_text=&#8221;text_underline:none|text_color:coral-color|font_variant:normal|font_weight:normal|&#8221; lead_text_highlight_text=&#8221;text_underline:none|text_color:purple-color|&#8221; lead_text_font_container=&#8221;tag:p|size:md|text_color:lightblue-color|text_underline:none|extra_class:p-hero|&#8221;][\/vc_column][\/vc_row][\/vc_section][vc_section el_id=&#8221;about&#8221;][vc_row][vc_column][pergo_section_title title=&#8221;&#8221; subtitle=&#8221;Fiber Group, 2010 y\u0131l\u0131nda in\u015faat sekt\u00f6r\u00fc ile faaliyete ba\u015flad\u0131ktan sonra sa\u011fl\u0131k sekt\u00f6r\u00fc ve d\u0131\u015f ticaret konular\u0131ndaki yat\u0131r\u0131mlar\u0131na Ar-Ge projelerini de ekleyerek hizmet alan\u0131n\u0131 geni\u015fletmi\u015ftir.&#8221;][\/pergo_section_title][\/vc_column][\/vc_row][vc_row][vc_column width=&#8221;1\/3&#8243;][pergo_service_box icon=&#8221;flaticon-share-2&#8243;&#8230;<\/p>\n","protected":false},"author":1,"featured_media":0,"parent":0,"menu_order":0,"comment_status":"closed","ping_status":"closed","template":"templates\/onepage-template.php","meta":{"footnotes":""},"class_list":["post-192","page","type-page","status-publish","hentry"],"post_mailing_queue_ids":[],"_links":{"self":[{"href":"https:\/\/fibergroup.com.tr\/index.php?rest_route=\/wp\/v2\/pages\/192","targetHints":{"allow":["GET"]}}],"collection":[{"href":"https:\/\/fibergroup.com.tr\/index.php?rest_route=\/wp\/v2\/pages"}],"about":[{"href":"https:\/\/fibergroup.com.tr\/index.php?rest_route=\/wp\/v2\/types\/page"}],"author":[{"embeddable":true,"href":"https:\/\/fibergroup.com.tr\/index.php?rest_route=\/wp\/v2\/users\/1"}],"replies":[{"embeddable":true,"href":"https:\/\/fibergroup.com.tr\/index.php?rest_route=%2Fwp%2Fv2%2Fcomments&post=192"}],"version-history":[{"count":23,"href":"https:\/\/fibergroup.com.tr\/index.php?rest_route=\/wp\/v2\/pages\/192\/revisions"}],"predecessor-version":[{"id":2694,"href":"https:\/\/fibergroup.com.tr\/index.php?rest_route=\/wp\/v2\/pages\/192\/revisions\/2694"}],"wp:attachment":[{"href":"https:\/\/fibergroup.com.tr\/index.php?rest_route=%2Fwp%2Fv2%2Fmedia&parent=192"}],"curies":[{"name":"wp","href":"https:\/\/api.w.org\/{rel}","templated":true}]}}